{"id":30388,"date":"2024-09-24T13:15:16","date_gmt":"2024-09-24T11:15:16","guid":{"rendered":"https:\/\/www.lazioinnova.it\/eventi\/?post_type=tribe_events&#038;p=30388"},"modified":"2025-07-29T13:12:10","modified_gmt":"2025-07-29T11:12:10","slug":"infoday-europe-project-lab","status":"publish","type":"tribe_events","link":"https:\/\/www.lazioinnova.it\/eventi\/e\/infoday-europe-project-lab\/","title":{"rendered":"INFODAY EUROPE \/ PROJECT LAB 4 EUROPE &#8211; Incontro di presentazione &#8211; ISCRIZIONI CHIUSE"},"content":{"rendered":"<p><em><strong>Lancio del programma di attivit\u00e0 per il rafforzamento delle capacit\u00e0 di accesso delle MPMI alle opportunit\u00e0 europee<\/strong><\/em><\/p>\n<p>La Regione Lazio con la collaborazione di Lazio Innova presenta il percorso \u201c<strong>Infoday Europe\/PROJECT LAB 4 EUROPE<\/strong>\u201d per rafforzare le capacit\u00e0 di accesso delle imprese alle opportunit\u00e0 europee promosse dalle diverse <em>call for proposal<\/em>.<\/p>\n<p><strong>Conferenza stampa di presentazione\u00a0 luned\u00ec 30 settembre <\/strong><strong>ore 14.30 <\/strong>presso lo spazio<strong> Europa Experience (Piazza Venezia, 6)<\/strong><\/p>\n<p><strong><br \/>\nProgramma<\/strong><\/p>\n<p><strong>14.30-15.00<\/strong> \u2013 REGISTRAZIONE DEI PARTECIPANTI<\/p>\n<p><strong><br \/>\n15.00 SALUTI ISTITUZIONALI<br \/>\n<em>Valeria Fiore<\/em> <\/strong><span class=\"NormalTextRun SpellingErrorV2Themed SCXW82649007 BCX8\">Respons<\/span><span class=\"NormalTextRun SpellingErrorV2Themed SCXW82649007 BCX8\">abile<\/span> Comunicazione e Social del <strong>Parlamento europeo in Italia<\/strong><\/p>\n<p>&nbsp;<\/p>\n<p><strong>15.15-16.00<\/strong> \u2013 <strong>MISURE PER IL RAFFORZAMENTO DELLE CAPACIT\u00c0 <\/strong><strong>DI ACCESSO ALLE OPPORTUNIT\u00c0 <\/strong><strong>EUROPEE<br \/>\n<\/strong><em><strong>Roberta Angelilli\u00a0 <\/strong><\/em>Vicepresidente e Assessore Sviluppo economico, Commercio, Artigianato, Industria, Internazionalizzazione <strong>Regione Lazio<\/strong><br \/>\n<em><strong>Vittorio Calaprice<\/strong><\/em>\u00a0 Analista politico e relazioni istituzionali <strong>Rappresentanza CE<\/strong>irettore Operativo Spazio Attivo e Open Innovation\u00a0<strong>Lazio Innova SpA<\/strong><strong><br \/>\n<\/strong><em><strong>Luigi Campitelli<\/strong><\/em>\u00a0 D<strong><br \/>\n<\/strong><em><strong>Marco Falzetti<\/strong><\/em>\u00a0 Direttore <span data-teams=\"true\"><span class=\"ui-provider a b c d e f g h i j k l m n o p q r s t u v w x y z ab ac ae af ag ah ai aj ak\" dir=\"ltr\">\u00a0di <strong>APRE<\/strong> &#8211;\u00a0 <\/span><\/span><strong>Agenzia per la Promozione della Ricerca Europea<\/strong> <strong><br \/>\n<\/strong><em><strong>Lorenzo Scatena<\/strong><\/em>\u00a0 Segretario Generale <strong>Fondazione E. Amaldi<\/strong><\/p>\n<p>Introduzione <em><strong>Francesco Marcolini<\/strong>\u00a0<\/em> Presidente <strong>Lazio Innova SpA<\/strong><\/p>\n<p>&nbsp;<\/p>\n<p><strong>16.00-16.30 \u2013 PRESENTAZIONE DELLE INIZIATIVE INFODAY EUROPE e PROJECT LAB 4 EUROPE<br \/>\n<\/strong><strong><em>Monique Longo<\/em>\u00a0<\/strong>Responsabile dell&#8217;Unit\u00e0 Relazioni con i Soci di <strong>APRE<\/strong> &#8211;\u00a0 <strong>Agenzia per la Promozione della Ricerca Europea<\/strong><strong><br \/>\n<\/strong><em><strong>Eleonora Lombardi<\/strong><\/em>\u00a0 Coordinatore del dipartimento Business Applications e Senior Technology Transfer Manager <strong>Fondazione E. Amaldi<\/strong><\/p>\n<p>Introduzione <em><strong>Ilaria Corsi<\/strong><\/em>\u00a0 Coordinatore Ufficio Progetti Europei e Sportello Enterprise Europe Network\u00a0 <strong>Lazio Innova SpA<\/strong><\/p>\n<p>&nbsp;<\/p>\n<p><strong>16.30 &#8211; 17.00 <\/strong>\u2013 Q&amp;A E NETWORKING<\/p>\n<p>L\u2019iniziativa \u00e8 realizzata con il cofinanziamento dell&#8217;Unione europea attraverso i fondi del PR FESR Lazio 2021-2027<\/p>\n","protected":false},"excerpt":{"rendered":"<p>Lancio del programma di attivit\u00e0 per il rafforzamento delle capacit\u00e0 di accesso delle MPMI alle opportunit\u00e0 europee La Regione Lazio con la collaborazione di Lazio Innova presenta il percorso \u201cInfoday [&hellip;]<\/p>\n","protected":false},"author":15143,"featured_media":30635,"comment_status":"open","ping_status":"closed","template":"","meta":{"_acf_changed":false,"_price":"","_stock":"","_tribe_ticket_header":"","_tribe_default_ticket_provider":"","_tribe_ticket_capacity":"0","_ticket_start_date":"","_ticket_end_date":"","_tribe_ticket_show_description":"","_tribe_ticket_show_not_going":false,"_tribe_ticket_use_global_stock":"","_tribe_ticket_global_stock_level":"","_global_stock_mode":"","_global_stock_cap":"","_tribe_rsvp_for_event":"","_tribe_ticket_going_count":"","_tribe_ticket_not_going_count":"","_tribe_tickets_list":"[]","_tribe_ticket_has_attendee_info_fields":false,"_tribe_events_status":"","_tribe_events_status_reason":"","footnotes":""},"tags":[15,442,444,441,446,443,445,100,113],"tribe_events_cat":[151,131],"class_list":["post-30388","tribe_events","type-tribe_events","status-publish","has-post-thumbnail","hentry","tag-apre","tag-call-europee","tag-fondazione-e-amaldi","tag-lazio-inova","tag-parlamento-europeo-in-italia","tag-progettazione-europea","tag-rappresentanza-ce-in-italia","tag-regione-lazio","tag-spazio-attivo","tribe_events_cat-europa","tribe_events_cat-evento-regione","cat_europa","cat_evento-regione"],"acf":[],"yoast_head":"<!-- This site is optimized with the Yoast SEO plugin v24.2 - https:\/\/yoast.com\/wordpress\/plugins\/seo\/ -->\n<title>INFODAY EUROPE \/ PROJECT LAB 4 EUROPE - Incontro di presentazione - ISCRIZIONI CHIUSE - Eventi - LazioInnova<\/title>\n<meta name=\"robots\" content=\"index, follow, max-snippet:-1, max-image-preview:large, max-video-preview:-1\" \/>\n<link rel=\"canonical\" href=\"https:\/\/www.lazioinnova.it\/eventi\/e\/infoday-europe-project-lab\/\" \/>\n<meta property=\"og:locale\" content=\"it_IT\" \/>\n<meta property=\"og:type\" content=\"article\" \/>\n<meta property=\"og:title\" content=\"INFODAY EUROPE \/ PROJECT LAB 4 EUROPE - Incontro di presentazione - ISCRIZIONI CHIUSE - Eventi - LazioInnova\" \/>\n<meta property=\"og:description\" content=\"Lancio del programma di attivit\u00e0 per il rafforzamento delle capacit\u00e0 di accesso delle MPMI alle opportunit\u00e0 europee La Regione Lazio con la collaborazione di Lazio Innova presenta il percorso \u201cInfoday [&hellip;]\" \/>\n<meta property=\"og:url\" content=\"https:\/\/www.lazioinnova.it\/eventi\/e\/infoday-europe-project-lab\/\" \/>\n<meta property=\"og:site_name\" content=\"Eventi - LazioInnova\" \/>\n<meta property=\"article:modified_time\" content=\"2025-07-29T11:12:10+00:00\" \/>\n<meta property=\"og:image\" content=\"https:\/\/www.lazioinnova.it\/eventi\/app\/uploads\/2024\/09\/2-INFODAY-EUROPE_sintesi.jpg\" \/>\n\t<meta property=\"og:image:width\" content=\"1080\" \/>\n\t<meta property=\"og:image:height\" content=\"1422\" \/>\n\t<meta property=\"og:image:type\" content=\"image\/jpeg\" \/>\n<meta name=\"twitter:card\" content=\"summary_large_image\" \/>\n<meta name=\"twitter:label1\" content=\"Tempo di lettura stimato\" \/>\n\t<meta name=\"twitter:data1\" content=\"2 minuti\" \/>\n<script type=\"application\/ld+json\" class=\"yoast-schema-graph\">{\"@context\":\"https:\/\/schema.org\",\"@graph\":[{\"@type\":\"WebPage\",\"@id\":\"https:\/\/www.lazioinnova.it\/eventi\/e\/infoday-europe-project-lab\/\",\"url\":\"https:\/\/www.lazioinnova.it\/eventi\/e\/infoday-europe-project-lab\/\",\"name\":\"INFODAY EUROPE \/ PROJECT LAB 4 EUROPE - Incontro di presentazione - ISCRIZIONI CHIUSE - Eventi - LazioInnova\",\"isPartOf\":{\"@id\":\"https:\/\/www.lazioinnova.it\/eventi\/#website\"},\"primaryImageOfPage\":{\"@id\":\"https:\/\/www.lazioinnova.it\/eventi\/e\/infoday-europe-project-lab\/#primaryimage\"},\"image\":{\"@id\":\"https:\/\/www.lazioinnova.it\/eventi\/e\/infoday-europe-project-lab\/#primaryimage\"},\"thumbnailUrl\":\"https:\/\/www.lazioinnova.it\/eventi\/app\/uploads\/2024\/09\/2-INFODAY-EUROPE_sintesi.jpg\",\"datePublished\":\"2024-09-24T11:15:16+00:00\",\"dateModified\":\"2025-07-29T11:12:10+00:00\",\"breadcrumb\":{\"@id\":\"https:\/\/www.lazioinnova.it\/eventi\/e\/infoday-europe-project-lab\/#breadcrumb\"},\"inLanguage\":\"it-IT\",\"potentialAction\":[{\"@type\":\"ReadAction\",\"target\":[\"https:\/\/www.lazioinnova.it\/eventi\/e\/infoday-europe-project-lab\/\"]}]},{\"@type\":\"ImageObject\",\"inLanguage\":\"it-IT\",\"@id\":\"https:\/\/www.lazioinnova.it\/eventi\/e\/infoday-europe-project-lab\/#primaryimage\",\"url\":\"https:\/\/www.lazioinnova.it\/eventi\/app\/uploads\/2024\/09\/2-INFODAY-EUROPE_sintesi.jpg\",\"contentUrl\":\"https:\/\/www.lazioinnova.it\/eventi\/app\/uploads\/2024\/09\/2-INFODAY-EUROPE_sintesi.jpg\",\"width\":1080,\"height\":1422},{\"@type\":\"BreadcrumbList\",\"@id\":\"https:\/\/www.lazioinnova.it\/eventi\/e\/infoday-europe-project-lab\/#breadcrumb\",\"itemListElement\":[{\"@type\":\"ListItem\",\"position\":1,\"name\":\"Home\"},{\"@type\":\"ListItem\",\"position\":2,\"name\":\"Eventi\",\"item\":\"https:\/\/www.lazioinnova.it\/eventi\/\"},{\"@type\":\"ListItem\",\"position\":3,\"name\":\"INFODAY EUROPE \/ PROJECT LAB 4 EUROPE &#8211; Incontro di presentazione &#8211; ISCRIZIONI CHIUSE\"}]},{\"@type\":\"WebSite\",\"@id\":\"https:\/\/www.lazioinnova.it\/eventi\/#website\",\"url\":\"https:\/\/www.lazioinnova.it\/eventi\/\",\"name\":\"Eventi - LazioInnova\",\"description\":\"Lazio Innova\",\"potentialAction\":[{\"@type\":\"SearchAction\",\"target\":{\"@type\":\"EntryPoint\",\"urlTemplate\":\"https:\/\/www.lazioinnova.it\/eventi\/?s={search_term_string}\"},\"query-input\":{\"@type\":\"PropertyValueSpecification\",\"valueRequired\":true,\"valueName\":\"search_term_string\"}}],\"inLanguage\":\"it-IT\"}]}<\/script>\n<!-- \/ Yoast SEO plugin. -->","yoast_head_json":{"title":"INFODAY EUROPE \/ PROJECT LAB 4 EUROPE - Incontro di presentazione - ISCRIZIONI CHIUSE - Eventi - LazioInnova","robots":{"index":"index","follow":"follow","max-snippet":"max-snippet:-1","max-image-preview":"max-image-preview:large","max-video-preview":"max-video-preview:-1"},"canonical":"https:\/\/www.lazioinnova.it\/eventi\/e\/infoday-europe-project-lab\/","og_locale":"it_IT","og_type":"article","og_title":"INFODAY EUROPE \/ PROJECT LAB 4 EUROPE - Incontro di presentazione - ISCRIZIONI CHIUSE - Eventi - LazioInnova","og_description":"Lancio del programma di attivit\u00e0 per il rafforzamento delle capacit\u00e0 di accesso delle MPMI alle opportunit\u00e0 europee La Regione Lazio con la collaborazione di Lazio Innova presenta il percorso \u201cInfoday [&hellip;]","og_url":"https:\/\/www.lazioinnova.it\/eventi\/e\/infoday-europe-project-lab\/","og_site_name":"Eventi - LazioInnova","article_modified_time":"2025-07-29T11:12:10+00:00","og_image":[{"width":1080,"height":1422,"url":"https:\/\/www.lazioinnova.it\/eventi\/app\/uploads\/2024\/09\/2-INFODAY-EUROPE_sintesi.jpg","type":"image\/jpeg"}],"twitter_card":"summary_large_image","twitter_misc":{"Tempo di lettura stimato":"2 minuti"},"schema":{"@context":"https:\/\/schema.org","@graph":[{"@type":"WebPage","@id":"https:\/\/www.lazioinnova.it\/eventi\/e\/infoday-europe-project-lab\/","url":"https:\/\/www.lazioinnova.it\/eventi\/e\/infoday-europe-project-lab\/","name":"INFODAY EUROPE \/ PROJECT LAB 4 EUROPE - Incontro di presentazione - ISCRIZIONI CHIUSE - Eventi - LazioInnova","isPartOf":{"@id":"https:\/\/www.lazioinnova.it\/eventi\/#website"},"primaryImageOfPage":{"@id":"https:\/\/www.lazioinnova.it\/eventi\/e\/infoday-europe-project-lab\/#primaryimage"},"image":{"@id":"https:\/\/www.lazioinnova.it\/eventi\/e\/infoday-europe-project-lab\/#primaryimage"},"thumbnailUrl":"https:\/\/www.lazioinnova.it\/eventi\/app\/uploads\/2024\/09\/2-INFODAY-EUROPE_sintesi.jpg","datePublished":"2024-09-24T11:15:16+00:00","dateModified":"2025-07-29T11:12:10+00:00","breadcrumb":{"@id":"https:\/\/www.lazioinnova.it\/eventi\/e\/infoday-europe-project-lab\/#breadcrumb"},"inLanguage":"it-IT","potentialAction":[{"@type":"ReadAction","target":["https:\/\/www.lazioinnova.it\/eventi\/e\/infoday-europe-project-lab\/"]}]},{"@type":"ImageObject","inLanguage":"it-IT","@id":"https:\/\/www.lazioinnova.it\/eventi\/e\/infoday-europe-project-lab\/#primaryimage","url":"https:\/\/www.lazioinnova.it\/eventi\/app\/uploads\/2024\/09\/2-INFODAY-EUROPE_sintesi.jpg","contentUrl":"https:\/\/www.lazioinnova.it\/eventi\/app\/uploads\/2024\/09\/2-INFODAY-EUROPE_sintesi.jpg","width":1080,"height":1422},{"@type":"BreadcrumbList","@id":"https:\/\/www.lazioinnova.it\/eventi\/e\/infoday-europe-project-lab\/#breadcrumb","itemListElement":[{"@type":"ListItem","position":1,"name":"Home"},{"@type":"ListItem","position":2,"name":"Eventi","item":"https:\/\/www.lazioinnova.it\/eventi\/"},{"@type":"ListItem","position":3,"name":"INFODAY EUROPE \/ PROJECT LAB 4 EUROPE &#8211; Incontro di presentazione &#8211; ISCRIZIONI CHIUSE"}]},{"@type":"WebSite","@id":"https:\/\/www.lazioinnova.it\/eventi\/#website","url":"https:\/\/www.lazioinnova.it\/eventi\/","name":"Eventi - LazioInnova","description":"Lazio Innova","potentialAction":[{"@type":"SearchAction","target":{"@type":"EntryPoint","urlTemplate":"https:\/\/www.lazioinnova.it\/eventi\/?s={search_term_string}"},"query-input":{"@type":"PropertyValueSpecification","valueRequired":true,"valueName":"search_term_string"}}],"inLanguage":"it-IT"}]}},"ticketed":["rsvp"],"_links":{"self":[{"href":"https:\/\/www.lazioinnova.it\/eventi\/wp-json\/wp\/v2\/tribe_events\/30388","targetHints":{"allow":["GET"]}}],"collection":[{"href":"https:\/\/www.lazioinnova.it\/eventi\/wp-json\/wp\/v2\/tribe_events"}],"about":[{"href":"https:\/\/www.lazioinnova.it\/eventi\/wp-json\/wp\/v2\/types\/tribe_events"}],"author":[{"embeddable":true,"href":"https:\/\/www.lazioinnova.it\/eventi\/wp-json\/wp\/v2\/users\/15143"}],"replies":[{"embeddable":true,"href":"https:\/\/www.lazioinnova.it\/eventi\/wp-json\/wp\/v2\/comments?post=30388"}],"version-history":[{"count":23,"href":"https:\/\/www.lazioinnova.it\/eventi\/wp-json\/wp\/v2\/tribe_events\/30388\/revisions"}],"predecessor-version":[{"id":36304,"href":"https:\/\/www.lazioinnova.it\/eventi\/wp-json\/wp\/v2\/tribe_events\/30388\/revisions\/36304"}],"wp:featuredmedia":[{"embeddable":true,"href":"https:\/\/www.lazioinnova.it\/eventi\/wp-json\/wp\/v2\/media\/30635"}],"wp:attachment":[{"href":"https:\/\/www.lazioinnova.it\/eventi\/wp-json\/wp\/v2\/media?parent=30388"}],"wp:term":[{"taxonomy":"post_tag","embeddable":true,"href":"https:\/\/www.lazioinnova.it\/eventi\/wp-json\/wp\/v2\/tags?post=30388"},{"taxonomy":"tribe_events_cat","embeddable":true,"href":"https:\/\/www.lazioinnova.it\/eventi\/wp-json\/wp\/v2\/tribe_events_cat?post=30388"}],"curies":[{"name":"wp","href":"https:\/\/api.w.org\/{rel}","templated":true}]}}